{"id":3341,"date":"2024-04-10T07:40:21","date_gmt":"2024-04-10T07:40:21","guid":{"rendered":"https:\/\/ref-badragaz.ch.sora.ch-meta.net\/go\/?page_id=3341"},"modified":"2025-03-26T13:32:36","modified_gmt":"2025-03-26T13:32:36","slug":"kinder","status":"publish","type":"page","link":"https:\/\/ref-badragaz.ch\/go\/kinder\/","title":{"rendered":"Kinder &#038; Familie"},"content":{"rendered":"<div  class='flex_column av-4kyn5p-e488dc9f9f794eca82de48eb3e5f8446 av_one_half  avia-builder-el-0  el_before_av_one_half  avia-builder-el-first  first flex_column_div  '     ><section  class='av_textblock_section av-lvnwddxj-e1b0ae2c69bc82757aaae3f8907c1153 '   itemscope=\"itemscope\" itemtype=\"https:\/\/schema.org\/CreativeWork\" ><div class='avia_textblock'  itemprop=\"text\" ><h3><strong>Kinder und Familien<\/strong><\/h3>\n<h5>Feiern, Spielen und Entdecken<\/h5>\n<p>Es ist uns wichtig, dass Kinder die Kirchgemeinde als einen Ort erleben, an dem sie willkommen sind und sich wohlf\u00fchlen. Darum feiern wir<strong> Familiengottesdienste<\/strong>, die sich an den Bed\u00fcrfnissen von Kindern ausrichten und in denen die Kinder auch mitwirken k\u00f6nnen. Familiengottesdienste feiern wir insbesondere als Abendmahlsfeier mit den 3. Kl\u00e4sslern, zum Erntedank und an Heiligabend.<\/p>\n<p><strong>Weitere Angebote<\/strong> sind der viertelj\u00e4hrlich veranstaltete Kindernachmittag mit kreativen und spielerischen Aktivit\u00e4ten zum Kirchenjahr oder zu anderen Themen und das blockweise w\u00f6chentlich stattfindende Eltern-Kind -Singen.<\/p>\n<h5>Religionsunterricht<\/h5>\n<p>Bei einer Kindertaufe versprechen die Eltern, ihr Kind mit dem christlichen Glauben vertraut zu machen. Die Kirchgemeinde m\u00f6chte die Eltern bei dieser Aufgabe unterst\u00fctzen. Deswegen bietet sie im Rahmen des Stundenplanes der Primarschule <strong>Religionsunterricht<\/strong> an. Im Religionsunterricht sind aber auch nicht getaufte Kinder oder Kinder, die einer anderen Religion angeh\u00f6ren, herzlich willkommen.<\/p>\n<\/div><\/section><\/div><div  class='flex_column av-2f9sfh-c2b51eeaf53622f2ae214ac31c947f49 av_one_half  avia-builder-el-2  el_after_av_one_half  avia-builder-el-last  flex_column_div  '     ><style type=\"text\/css\" data-created_by=\"avia_inline_auto\" id=\"style-css-av-2l5rlp-4d33e3dd10da45affbc31e0608860836\">\n.avia-image-container.av-2l5rlp-4d33e3dd10da45affbc31e0608860836 img.avia_image{\nbox-shadow:none;\n}\n.avia-image-container.av-2l5rlp-4d33e3dd10da45affbc31e0608860836 .av-image-caption-overlay-center{\ncolor:#ffffff;\n}\n<\/style>\n<div  class='avia-image-container av-2l5rlp-4d33e3dd10da45affbc31e0608860836 av-styling- avia-align-center  avia-builder-el-3  avia-builder-el-no-sibling '   itemprop=\"image\" itemscope=\"itemscope\" itemtype=\"https:\/\/schema.org\/ImageObject\" ><div class=\"avia-image-container-inner\"><div class=\"avia-image-overlay-wrap\"><img decoding=\"async\" fetchpriority=\"high\" class='wp-image-4557 avia-img-lazy-loading-not-4557 avia_image ' src=\"https:\/\/ref-badragaz.ch\/go\/wp-content\/uploads\/2024\/05\/Children.jpg\" alt='' title='Children'  height=\"2510\" width=\"1690\"  itemprop=\"thumbnailUrl\" srcset=\"https:\/\/ref-badragaz.ch\/go\/wp-content\/uploads\/2024\/05\/Children.jpg 1690w, https:\/\/ref-badragaz.ch\/go\/wp-content\/uploads\/2024\/05\/Children-202x300.jpg 202w, https:\/\/ref-badragaz.ch\/go\/wp-content\/uploads\/2024\/05\/Children-694x1030.jpg 694w, https:\/\/ref-badragaz.ch\/go\/wp-content\/uploads\/2024\/05\/Children-768x1141.jpg 768w, https:\/\/ref-badragaz.ch\/go\/wp-content\/uploads\/2024\/05\/Children-1034x1536.jpg 1034w, https:\/\/ref-badragaz.ch\/go\/wp-content\/uploads\/2024\/05\/Children-1379x2048.jpg 1379w, https:\/\/ref-badragaz.ch\/go\/wp-content\/uploads\/2024\/05\/Children-1010x1500.jpg 1010w, https:\/\/ref-badragaz.ch\/go\/wp-content\/uploads\/2024\/05\/Children-475x705.jpg 475w\" sizes=\"(max-width: 1690px) 100vw, 1690px\" \/><\/div><\/div><\/div><\/div><\/p>\n<div class=\"verowa-persons-events-container persons-events-container\" ><div class=\"person-container single-persons\">\n<div class=\"person\">\r\n\t\r\n\t\r\n\t\t\t<div class=\"person_image\"><a href=\"https:\/\/ref-badragaz.ch\/go\/person\/17\/\"><img decoding=\"async\" src=\"https:\/\/secure.verowa.ch\/users\/ref-badragaz\/images\/comp\/EG4AM4oaDAUvHCqgNoPuth.jpg\" \/><\/a><\/div>\r\n\t\t\r\n\t<div class=\"person_description\">\r\n\t\t<h4 class=\"name\"><a href=\"https:\/\/ref-badragaz.ch\/go\/person\/17\/\">Sabine G\u00e4umann<\/a><\/h4>\r\n\t\t\r\n\t\t\r\n\t\t<p class=\"profession\">Pfarrerin<\/p>\r\n\t\t<div class=\"person_meta\">\r\n\t\t\t<ul>\r\n\t\t\t\t\r\n\t\t\t\t\r\n\t\t\t\t<li class=\"email\"><a href=\"mailto:sabine.gaeumann@ref-badragaz.ch\">E-Mail<\/a><\/li>\r\n\t\t\t\t\r\n\t\t\t\t<li class=\"phone\">081 302 71 89<\/li>\r\n\t\t\t<\/ul>\r\n\t\t<\/div>\r\n\t<\/div>\r\n<\/div><div class=\"person\">\r\n\t\r\n\t\r\n\t\t\t<div class=\"person_image\"><a href=\"https:\/\/ref-badragaz.ch\/go\/person\/21\/\"><img decoding=\"async\" src=\"https:\/\/secure.verowa.ch\/users\/ref-badragaz\/images\/comp\/uezX1tyimeV42naMWycZth.jpg\" \/><\/a><\/div>\r\n\t\t\r\n\t<div class=\"person_description\">\r\n\t\t<h4 class=\"name\"><a href=\"https:\/\/ref-badragaz.ch\/go\/person\/21\/\">Marianne Bislin<\/a><\/h4>\r\n\t\t\r\n\t\t\r\n\t\t\r\n\t\t<div class=\"person_meta\">\r\n\t\t\t<ul>\r\n\t\t\t\t\r\n\t\t\t\t\r\n\t\t\t\t<li class=\"email\"><a href=\"mailto:m.bislin@rsnweb.ch\">E-Mail<\/a><\/li>\r\n\t\t\t\t\r\n\t\t\t\t\r\n\t\t\t<\/ul>\r\n\t\t<\/div>\r\n\t<\/div>\r\n<\/div><\/div>\n<div class=\"event_list_wrapper\">\n<h3>N\u00e4chste Anl\u00e4sse<\/h3><div class=\"event_list_item element-item event-1679 \" data-date=\"20260429\" data-id=\"1679\">\r\n\t<div class=\"event_date\"><a href=\"\/go\/veranstaltung\/1679\/\"><span class=\"weekday\">Mittwoch<\/span><span class=\"day\">29<\/span><span class=\"verowa-month month\">April<\/span><\/a><\/div>\r\n\t<div class=\"event_container\">\r\n\t\t<a href=\"\/go\/veranstaltung\/1679\/\">\r\n\t\t\t<div class=\"event_short_content\"><span class=\"time\">9.30&ndash;10.15&nbsp;Uhr<\/span>\r\n\t\t\t\t<span class=\"event_title\">Eltern-Kind-Singen<\/span>\r\n\t\t\t\t<span class=\"event_topic\">f\u00fcr Kinder ab ca. 1 Jahr bis zum Kindergarten<\/span>\r\n\t\t\t\t<span class=\"event_location\">Kirchgemeindehaus<\/span>\r\n\t\t\t<\/div>\r\n\t\t<\/a>\r\n\t\t<div class=\"event_image\"><img decoding=\"async\" src=\"https:\/\/www.verowa.ch\/ref-badragaz\/images\/comp\/yv0mUj5cMJOLW33CkwGBth.jpg\" alt=\"\" \/><\/div>\r\n\t<\/div>\r\n\t<div class=\"event_button_list_new\"><div class=\"buttons\"><span class=\"details-buttons\">\r\n\t<\/span><\/div>\r\n\t<\/div>\r\n<\/div><div class=\"event_list_item element-item event-1680 \" data-date=\"20260506\" data-id=\"1680\">\r\n\t<div class=\"event_date\"><a href=\"\/go\/veranstaltung\/1680\/\"><span class=\"weekday\">Mittwoch<\/span><span class=\"day\">6<\/span><span class=\"verowa-month month\">Mai<\/span><\/a><\/div>\r\n\t<div class=\"event_container\">\r\n\t\t<a href=\"\/go\/veranstaltung\/1680\/\">\r\n\t\t\t<div class=\"event_short_content\"><span class=\"time\">9.30&ndash;10.15&nbsp;Uhr<\/span>\r\n\t\t\t\t<span class=\"event_title\">Eltern-Kind-Singen<\/span>\r\n\t\t\t\t<span class=\"event_topic\">f\u00fcr Kinder ab ca. 1 Jahr bis zum Kindergarten<\/span>\r\n\t\t\t\t<span class=\"event_location\">Kirchgemeindehaus<\/span>\r\n\t\t\t<\/div>\r\n\t\t<\/a>\r\n\t\t<div class=\"event_image\"><img decoding=\"async\" src=\"https:\/\/www.verowa.ch\/ref-badragaz\/images\/comp\/yv0mUj5cMJOLW33CkwGBth.jpg\" alt=\"\" \/><\/div>\r\n\t<\/div>\r\n\t<div class=\"event_button_list_new\"><div class=\"buttons\"><span class=\"details-buttons\">\r\n\t<\/span><\/div>\r\n\t<\/div>\r\n<\/div><div class=\"event_list_item element-item event-1681 \" data-date=\"20260513\" data-id=\"1681\">\r\n\t<div class=\"event_date\"><a href=\"\/go\/veranstaltung\/1681\/\"><span class=\"weekday\">Mittwoch<\/span><span class=\"day\">13<\/span><span class=\"verowa-month month\">Mai<\/span><\/a><\/div>\r\n\t<div class=\"event_container\">\r\n\t\t<a href=\"\/go\/veranstaltung\/1681\/\">\r\n\t\t\t<div class=\"event_short_content\"><span class=\"time\">9.30&ndash;10.15&nbsp;Uhr<\/span>\r\n\t\t\t\t<span class=\"event_title\">Eltern-Kind-Singen<\/span>\r\n\t\t\t\t<span class=\"event_topic\">f\u00fcr Kinder ab ca. 1 Jahr bis zum Kindergarten<\/span>\r\n\t\t\t\t<span class=\"event_location\">Kirchgemeindehaus<\/span>\r\n\t\t\t<\/div>\r\n\t\t<\/a>\r\n\t\t<div class=\"event_image\"><img decoding=\"async\" src=\"https:\/\/www.verowa.ch\/ref-badragaz\/images\/comp\/yv0mUj5cMJOLW33CkwGBth.jpg\" alt=\"\" \/><\/div>\r\n\t<\/div>\r\n\t<div class=\"event_button_list_new\"><div class=\"buttons\"><span class=\"details-buttons\">\r\n\t<\/span><\/div>\r\n\t<\/div>\r\n<\/div><div class=\"event_list_item element-item event-1682 \" data-date=\"20260520\" data-id=\"1682\">\r\n\t<div class=\"event_date\"><a href=\"\/go\/veranstaltung\/1682\/\"><span class=\"weekday\">Mittwoch<\/span><span class=\"day\">20<\/span><span class=\"verowa-month month\">Mai<\/span><\/a><\/div>\r\n\t<div class=\"event_container\">\r\n\t\t<a href=\"\/go\/veranstaltung\/1682\/\">\r\n\t\t\t<div class=\"event_short_content\"><span class=\"time\">9.30&ndash;10.15&nbsp;Uhr<\/span>\r\n\t\t\t\t<span class=\"event_title\">Eltern-Kind-Singen<\/span>\r\n\t\t\t\t<span class=\"event_topic\">f\u00fcr Kinder ab ca. 1 Jahr bis zum Kindergarten<\/span>\r\n\t\t\t\t<span class=\"event_location\">Kirchgemeindehaus<\/span>\r\n\t\t\t<\/div>\r\n\t\t<\/a>\r\n\t\t<div class=\"event_image\"><img decoding=\"async\" src=\"https:\/\/www.verowa.ch\/ref-badragaz\/images\/comp\/yv0mUj5cMJOLW33CkwGBth.jpg\" alt=\"\" \/><\/div>\r\n\t<\/div>\r\n\t<div class=\"event_button_list_new\"><div class=\"buttons\"><span class=\"details-buttons\">\r\n\t<\/span><\/div>\r\n\t<\/div>\r\n<\/div><div class=\"event_list_item element-item event-1683 \" data-date=\"20260527\" data-id=\"1683\">\r\n\t<div class=\"event_date\"><a href=\"\/go\/veranstaltung\/1683\/\"><span class=\"weekday\">Mittwoch<\/span><span class=\"day\">27<\/span><span class=\"verowa-month month\">Mai<\/span><\/a><\/div>\r\n\t<div class=\"event_container\">\r\n\t\t<a href=\"\/go\/veranstaltung\/1683\/\">\r\n\t\t\t<div class=\"event_short_content\"><span class=\"time\">9.30&ndash;10.15&nbsp;Uhr<\/span>\r\n\t\t\t\t<span class=\"event_title\">Eltern-Kind-Singen<\/span>\r\n\t\t\t\t<span class=\"event_topic\">f\u00fcr Kinder ab ca. 1 Jahr bis zum Kindergarten<\/span>\r\n\t\t\t\t<span class=\"event_location\">Kirchgemeindehaus<\/span>\r\n\t\t\t<\/div>\r\n\t\t<\/a>\r\n\t\t<div class=\"event_image\"><img decoding=\"async\" src=\"https:\/\/www.verowa.ch\/ref-badragaz\/images\/comp\/yv0mUj5cMJOLW33CkwGBth.jpg\" alt=\"\" \/><\/div>\r\n\t<\/div>\r\n\t<div class=\"event_button_list_new\"><div class=\"buttons\"><span class=\"details-buttons\">\r\n\t<\/span><\/div>\r\n\t<\/div>\r\n<\/div><div class=\"event_list_item element-item event-1684 \" data-date=\"20260603\" data-id=\"1684\">\r\n\t<div class=\"event_date\"><a href=\"\/go\/veranstaltung\/1684\/\"><span class=\"weekday\">Mittwoch<\/span><span class=\"day\">3<\/span><span class=\"verowa-month month\">Juni<\/span><\/a><\/div>\r\n\t<div class=\"event_container\">\r\n\t\t<a href=\"\/go\/veranstaltung\/1684\/\">\r\n\t\t\t<div class=\"event_short_content\"><span class=\"time\">9.30&ndash;10.15&nbsp;Uhr<\/span>\r\n\t\t\t\t<span class=\"event_title\">Eltern-Kind-Singen<\/span>\r\n\t\t\t\t<span class=\"event_topic\">f\u00fcr Kinder ab ca. 1 Jahr bis zum Kindergarten<\/span>\r\n\t\t\t\t<span class=\"event_location\">Kirchgemeindehaus<\/span>\r\n\t\t\t<\/div>\r\n\t\t<\/a>\r\n\t\t<div class=\"event_image\"><img decoding=\"async\" src=\"https:\/\/www.verowa.ch\/ref-badragaz\/images\/comp\/yv0mUj5cMJOLW33CkwGBth.jpg\" alt=\"\" \/><\/div>\r\n\t<\/div>\r\n\t<div class=\"event_button_list_new\"><div class=\"buttons\"><span class=\"details-buttons\">\r\n\t<\/span><\/div>\r\n\t<\/div>\r\n<\/div><div class=\"event_list_item element-item event-1301 \" data-date=\"20260610\" data-id=\"1301\">\r\n\t<div class=\"event_date\"><a href=\"\/go\/veranstaltung\/1301\/\"><span class=\"weekday\">Mittwoch<\/span><span class=\"day\">10<\/span><span class=\"verowa-month month\">Juni<\/span><\/a><\/div>\r\n\t<div class=\"event_container\">\r\n\t\t<a href=\"\/go\/veranstaltung\/1301\/\">\r\n\t\t\t<div class=\"event_short_content\"><span class=\"time\">13.30&ndash;16.30&nbsp;Uhr<\/span>\r\n\t\t\t\t<span class=\"event_title\">Kindernachmittag \"Draussen\"<\/span>\r\n\t\t\t\t<span class=\"event_topic\">Kindernachmittag am Weiher in Pf\u00e4fers<\/span>\r\n\t\t\t\t<span class=\"event_location\">Weiher Pf\u00e4fers<\/span>\r\n\t\t\t<\/div>\r\n\t\t<\/a>\r\n\t\t\r\n\t<\/div>\r\n\t<div class=\"event_button_list_new\"><div class=\"buttons\"><span class=\"details-buttons\">\r\n\t<\/span><\/div>\r\n\t<\/div>\r\n<\/div><div class=\"event_list_item element-item event-1270 \" data-date=\"20260628\" data-id=\"1270\">\r\n\t<div class=\"event_date\"><a href=\"\/go\/veranstaltung\/1270\/\"><span class=\"weekday\">Sonntag<\/span><span class=\"day\">28<\/span><span class=\"verowa-month month\">Juni<\/span><\/a><\/div>\r\n\t<div class=\"event_container\">\r\n\t\t<a href=\"\/go\/veranstaltung\/1270\/\">\r\n\t\t\t<div class=\"event_short_content\"><span class=\"time\">9.40&ndash;10.40&nbsp;Uhr<\/span>\r\n\t\t\t\t<span class=\"event_title\">Abendmahlsgottesdienst mit Kindern<\/span>\r\n\t\t\t\t<span class=\"event_topic\">Familiengottesdienst, im Anschluss Kirchenkaffee<\/span>\r\n\t\t\t\t<span class=\"event_location\">Kirche<\/span>\r\n\t\t\t<\/div>\r\n\t\t<\/a>\r\n\t\t<div class=\"event_image\"><img decoding=\"async\" src=\"https:\/\/www.verowa.ch\/ref-badragaz\/images\/comp\/SPMPrFBCTnjgfTXEZaoNth.jpg\" alt=\"\" \/><\/div>\r\n\t<\/div>\r\n\t<div class=\"event_button_list_new\"><div class=\"buttons\"><span class=\"details-buttons\">\r\n\t<\/span><\/div>\r\n\t<\/div>\r\n<\/div><div class=\"event_list_item element-item event-1302 \" data-date=\"20261224\" data-id=\"1302\">\r\n\t<div class=\"event_date\"><a href=\"\/go\/veranstaltung\/1302\/\"><span class=\"weekday\">Donnerstag<\/span><span class=\"day\">24<\/span><span class=\"verowa-month month\">Dezember<\/span><\/a><\/div>\r\n\t<div class=\"event_container\">\r\n\t\t<a href=\"\/go\/veranstaltung\/1302\/\">\r\n\t\t\t<div class=\"event_short_content\"><span class=\"time\">17.00&ndash;18.00&nbsp;Uhr<\/span>\r\n\t\t\t\t<span class=\"event_title\">Heiligabend-Gottesdienst mit Krippenspiel<\/span>\r\n\t\t\t\t\r\n\t\t\t\t<span class=\"event_location\">Kirche<\/span>\r\n\t\t\t<\/div>\r\n\t\t<\/a>\r\n\t\t<div class=\"event_image\"><img decoding=\"async\" src=\"https:\/\/www.verowa.ch\/ref-badragaz\/images\/comp\/I0Go3OfNqidIxMlguuxfth.jpg\" alt=\"\" \/><\/div>\r\n\t<\/div>\r\n\t<div class=\"event_button_list_new\"><div class=\"buttons\"><span class=\"details-buttons\">\r\n\t<\/span><\/div>\r\n\t<\/div>\r\n<\/div><\/div>\n<\/div>","protected":false},"excerpt":{"rendered":"<p>Sabine G\u00e4umann Pfarrerin E-Mail 081 302 71 89 Marianne Bislin E-Mail N\u00e4chste Anl\u00e4sse Mittwoch29April 9.30&ndash;10.15&nbsp;Uhr Eltern-Kind-Singen f\u00fcr Kinder ab ca. 1 Jahr bis zum Kindergarten Kirchgemeindehaus Mittwoch6Mai 9.30&ndash;10.15&nbsp;Uhr Eltern-Kind-Singen f\u00fcr Kinder ab ca. 1 Jahr bis zum Kindergarten Kirchgemeindehaus Mittwoch13Mai 9.30&ndash;10.15&nbsp;Uhr Eltern-Kind-Singen f\u00fcr Kinder ab ca. 1 Jahr bis zum Kindergarten Kirchgemeindehaus Mittwoch20Mai 9.30&ndash;10.15&nbsp;Uhr Eltern-Kind-Singen [&hellip;]<\/p>\n","protected":false},"author":1,"featured_media":0,"parent":0,"menu_order":0,"comment_status":"closed","ping_status":"closed","template":"","meta":{"footnotes":"","_links_to":"","_links_to_target":""},"class_list":["post-3341","page","type-page","status-publish","hentry"],"_links":{"self":[{"href":"https:\/\/ref-badragaz.ch\/go\/wp-json\/wp\/v2\/pages\/3341","targetHints":{"allow":["GET"]}}],"collection":[{"href":"https:\/\/ref-badragaz.ch\/go\/wp-json\/wp\/v2\/pages"}],"about":[{"href":"https:\/\/ref-badragaz.ch\/go\/wp-json\/wp\/v2\/types\/page"}],"author":[{"embeddable":true,"href":"https:\/\/ref-badragaz.ch\/go\/wp-json\/wp\/v2\/users\/1"}],"replies":[{"embeddable":true,"href":"https:\/\/ref-badragaz.ch\/go\/wp-json\/wp\/v2\/comments?post=3341"}],"version-history":[{"count":13,"href":"https:\/\/ref-badragaz.ch\/go\/wp-json\/wp\/v2\/pages\/3341\/revisions"}],"predecessor-version":[{"id":5435,"href":"https:\/\/ref-badragaz.ch\/go\/wp-json\/wp\/v2\/pages\/3341\/revisions\/5435"}],"wp:attachment":[{"href":"https:\/\/ref-badragaz.ch\/go\/wp-json\/wp\/v2\/media?parent=3341"}],"curies":[{"name":"wp","href":"https:\/\/api.w.org\/{rel}","templated":true}]}}